{"id":5459,"date":"2023-05-23T15:14:58","date_gmt":"2023-05-23T13:14:58","guid":{"rendered":"https:\/\/holidaysuitesbusiness.com\/localizacoes\/"},"modified":"2024-10-01T11:41:52","modified_gmt":"2024-10-01T09:41:52","slug":"localizacoes","status":"publish","type":"page","link":"https:\/\/holidaysuitesbusiness.com\/pt-pt\/localizacoes\/","title":{"rendered":"Localiza\u00e7\u00f5es"},"content":{"rendered":"\t\t<div data-elementor-type=\"wp-page\" data-elementor-id=\"5459\" class=\"elementor elementor-5459 elementor-709\" data-elementor-post-type=\"page\">\n\t\t\t\t<div class=\"elementor-element elementor-element-2e38a84 e-flex e-con-boxed e-con e-parent\" data-id=\"2e38a84\" data-element_type=\"container\" data-e-type=\"container\">\n\t\t\t\t\t<div class=\"e-con-inner\">\n\t\t\t\t<div class=\"elementor-element elementor-element-c4ff58d elementor-widget elementor-widget-heading\" data-id=\"c4ff58d\" data-element_type=\"widget\" data-e-type=\"widget\" data-widget_type=\"heading.default\">\n\t\t\t\t<div class=\"elementor-widget-container\">\n\t\t\t\t\t<h1 class=\"elementor-heading-title elementor-size-default\">6 locais em Flandres<\/h1>\t\t\t\t<\/div>\n\t\t\t\t<\/div>\n\t\t\t\t<div class=\"elementor-element elementor-element-fd7c06f elementor-widget elementor-widget-text-editor\" data-id=\"fd7c06f\" data-element_type=\"widget\" data-e-type=\"widget\" data-widget_type=\"text-editor.default\">\n\t\t\t\t<div class=\"elementor-widget-container\">\n\t\t\t\t\t\t\t\t\t<p>Cada uma das nossas localiza\u00e7\u00f5es oferece in\u00fameras vantagens em termos de acessibilidade, tranquilidade e conforto. <\/p>\n\t\t\t\t\t\t\t\t<\/div>\n\t\t\t\t<\/div>\n\t\t\t\t\t<\/div>\n\t\t\t\t<\/div>\n\t\t<div class=\"elementor-element elementor-element-9b92ebe e-flex e-con-boxed e-con e-parent\" data-id=\"9b92ebe\" data-element_type=\"container\" data-e-type=\"container\">\n\t\t\t\t\t<div class=\"e-con-inner\">\n\t\t<a class=\"elementor-element elementor-element-7d8104d e-con-full e-flex e-con e-child\" data-id=\"7d8104d\" data-element_type=\"container\" data-e-type=\"container\" data-settings=\"{&quot;background_background&quot;:&quot;classic&quot;}\" href=\"https:\/\/holidaysuitesbusiness.com\/pt-pt\/alojamento-temporario-em-zeebrugge\/\">\n\t\t\t\t<div class=\"elementor-element elementor-element-eae7056 elementor-widget elementor-widget-heading\" data-id=\"eae7056\" data-element_type=\"widget\" data-e-type=\"widget\" data-widget_type=\"heading.default\">\n\t\t\t\t<div class=\"elementor-widget-container\">\n\t\t\t\t\t<h2 class=\"elementor-heading-title elementor-size-default\">Zeebruges<\/h2>\t\t\t\t<\/div>\n\t\t\t\t<\/div>\n\t\t\t\t<div class=\"elementor-element elementor-element-f0c454f elementor-widget elementor-widget-text-editor\" data-id=\"f0c454f\" data-element_type=\"widget\" data-e-type=\"widget\" data-widget_type=\"text-editor.default\">\n\t\t\t\t<div class=\"elementor-widget-container\">\n\t\t\t\t\t\t\t\t\t<p>Situadas no meio da \u00e1rea portu\u00e1ria de Zeebruges, estas su\u00edtes est\u00e3o numa localiza\u00e7\u00e3o extremamente conveniente. A f\u00e1cil liga\u00e7\u00e3o a outras grandes cidades e \u00e1reas industriais atrav\u00e9s da autoestrada A11 poupa-lhe tempo nas desloca\u00e7\u00f5es.<\/p>\n\t\t\t\t\t\t\t\t<\/div>\n\t\t\t\t<\/div>\n\t\t\t\t<div class=\"elementor-element elementor-element-3f2640d elementor-icon-list--layout-inline elementor-list-item-link-full_width elementor-widget elementor-widget-icon-list\" data-id=\"3f2640d\" data-element_type=\"widget\" data-e-type=\"widget\" data-widget_type=\"icon-list.default\">\n\t\t\t\t<div class=\"elementor-widget-container\">\n\t\t\t\t\t\t\t<ul class=\"elementor-icon-list-items elementor-inline-items\">\n\t\t\t\t\t\t\t<li class=\"elementor-icon-list-item elementor-inline-item\">\n\t\t\t\t\t\t\t\t\t\t\t<span class=\"elementor-icon-list-icon\">\n\t\t\t\t\t\t\t<i aria-hidden=\"true\" class=\"fas fa-hotel\"><\/i>\t\t\t\t\t\t<\/span>\n\t\t\t\t\t\t\t\t\t\t<span class=\"elementor-icon-list-text\">110 suites<\/span>\n\t\t\t\t\t\t\t\t\t<\/li>\n\t\t\t\t\t\t\t\t<li class=\"elementor-icon-list-item elementor-inline-item\">\n\t\t\t\t\t\t\t\t\t\t\t<span class=\"elementor-icon-list-icon\">\n\t\t\t\t\t\t\t<i aria-hidden=\"true\" class=\"fas fa-wifi\"><\/i>\t\t\t\t\t\t<\/span>\n\t\t\t\t\t\t\t\t\t\t<span class=\"elementor-icon-list-text\">Wi-Fi<\/span>\n\t\t\t\t\t\t\t\t\t<\/li>\n\t\t\t\t\t\t\t\t<li class=\"elementor-icon-list-item elementor-inline-item\">\n\t\t\t\t\t\t\t\t\t\t\t<span class=\"elementor-icon-list-icon\">\n\t\t\t\t\t\t\t<i aria-hidden=\"true\" class=\"fas fa-parking\"><\/i>\t\t\t\t\t\t<\/span>\n\t\t\t\t\t\t\t\t\t\t<span class=\"elementor-icon-list-text\">Estacionamento<\/span>\n\t\t\t\t\t\t\t\t\t<\/li>\n\t\t\t\t\t\t<\/ul>\n\t\t\t\t\t\t<\/div>\n\t\t\t\t<\/div>\n\t\t\t\t<\/a>\n\t\t<a class=\"elementor-element elementor-element-370ce3d e-con-full e-flex e-con e-child\" data-id=\"370ce3d\" data-element_type=\"container\" data-e-type=\"container\" data-settings=\"{&quot;background_background&quot;:&quot;classic&quot;}\" href=\"https:\/\/holidaysuitesbusiness.com\/pt-pt\/alojamento-temporario-perto-de-bruges\/\">\n\t\t\t\t<div class=\"elementor-element elementor-element-ae80650 elementor-widget elementor-widget-heading\" data-id=\"ae80650\" data-element_type=\"widget\" data-e-type=\"widget\" data-widget_type=\"heading.default\">\n\t\t\t\t<div class=\"elementor-widget-container\">\n\t\t\t\t\t<h2 class=\"elementor-heading-title elementor-size-default\">Jabbeke<\/h2>\t\t\t\t<\/div>\n\t\t\t\t<\/div>\n\t\t\t\t<div class=\"elementor-element elementor-element-4059b85 elementor-widget elementor-widget-text-editor\" data-id=\"4059b85\" data-element_type=\"widget\" data-e-type=\"widget\" data-widget_type=\"text-editor.default\">\n\t\t\t\t<div class=\"elementor-widget-container\">\n\t\t\t\t\t\t\t\t\t<p>Literalmente situado ao lado da rodovia E40, este s\u00edtio oferece uma liga\u00e7\u00e3o ideal para cidades como Ostende, Bruges, Aalter, Gante etc. <\/p>\n\t\t\t\t\t\t\t\t<\/div>\n\t\t\t\t<\/div>\n\t\t\t\t<div class=\"elementor-element elementor-element-f659ce3 elementor-icon-list--layout-inline elementor-list-item-link-full_width elementor-widget elementor-widget-icon-list\" data-id=\"f659ce3\" data-element_type=\"widget\" data-e-type=\"widget\" data-widget_type=\"icon-list.default\">\n\t\t\t\t<div class=\"elementor-widget-container\">\n\t\t\t\t\t\t\t<ul class=\"elementor-icon-list-items elementor-inline-items\">\n\t\t\t\t\t\t\t<li class=\"elementor-icon-list-item elementor-inline-item\">\n\t\t\t\t\t\t\t\t\t\t\t<span class=\"elementor-icon-list-icon\">\n\t\t\t\t\t\t\t<i aria-hidden=\"true\" class=\"fas fa-hotel\"><\/i>\t\t\t\t\t\t<\/span>\n\t\t\t\t\t\t\t\t\t\t<span class=\"elementor-icon-list-text\">24 suites<\/span>\n\t\t\t\t\t\t\t\t\t<\/li>\n\t\t\t\t\t\t\t\t<li class=\"elementor-icon-list-item elementor-inline-item\">\n\t\t\t\t\t\t\t\t\t\t\t<span class=\"elementor-icon-list-icon\">\n\t\t\t\t\t\t\t<i aria-hidden=\"true\" class=\"fas fa-wifi\"><\/i>\t\t\t\t\t\t<\/span>\n\t\t\t\t\t\t\t\t\t\t<span class=\"elementor-icon-list-text\">Wi-Fi<\/span>\n\t\t\t\t\t\t\t\t\t<\/li>\n\t\t\t\t\t\t\t\t<li class=\"elementor-icon-list-item elementor-inline-item\">\n\t\t\t\t\t\t\t\t\t\t\t<span class=\"elementor-icon-list-icon\">\n\t\t\t\t\t\t\t<i aria-hidden=\"true\" class=\"fas fa-parking\"><\/i>\t\t\t\t\t\t<\/span>\n\t\t\t\t\t\t\t\t\t\t<span class=\"elementor-icon-list-text\">Estacionamento<\/span>\n\t\t\t\t\t\t\t\t\t<\/li>\n\t\t\t\t\t\t<\/ul>\n\t\t\t\t\t\t<\/div>\n\t\t\t\t<\/div>\n\t\t\t\t<\/a>\n\t\t<a class=\"elementor-element elementor-element-a2aade6 e-con-full e-flex e-con e-child\" data-id=\"a2aade6\" data-element_type=\"container\" data-e-type=\"container\" data-settings=\"{&quot;background_background&quot;:&quot;classic&quot;}\" href=\"https:\/\/holidaysuitesbusiness.com\/pt-pt\/alojamento-temporario-em-westende\/\">\n\t\t\t\t<div class=\"elementor-element elementor-element-f2138c5 elementor-widget elementor-widget-heading\" data-id=\"f2138c5\" data-element_type=\"widget\" data-e-type=\"widget\" data-widget_type=\"heading.default\">\n\t\t\t\t<div class=\"elementor-widget-container\">\n\t\t\t\t\t<h2 class=\"elementor-heading-title elementor-size-default\">Westende<\/h2>\t\t\t\t<\/div>\n\t\t\t\t<\/div>\n\t\t\t\t<div class=\"elementor-element elementor-element-586bc41 elementor-widget elementor-widget-text-editor\" data-id=\"586bc41\" data-element_type=\"widget\" data-e-type=\"widget\" data-widget_type=\"text-editor.default\">\n\t\t\t\t<div class=\"elementor-widget-container\">\n\t\t\t\t\t\t\t\t\t<p>Perto de Ostende, Diksmuide, Veurne e Westhoek, este s\u00edtio oferece f\u00e1cil acesso a v\u00e1rias regi\u00f5es da regi\u00e3o. <\/p>\n\t\t\t\t\t\t\t\t<\/div>\n\t\t\t\t<\/div>\n\t\t\t\t<div class=\"elementor-element elementor-element-880c244 elementor-icon-list--layout-inline elementor-list-item-link-full_width elementor-widget elementor-widget-icon-list\" data-id=\"880c244\" data-element_type=\"widget\" data-e-type=\"widget\" data-widget_type=\"icon-list.default\">\n\t\t\t\t<div class=\"elementor-widget-container\">\n\t\t\t\t\t\t\t<ul class=\"elementor-icon-list-items elementor-inline-items\">\n\t\t\t\t\t\t\t<li class=\"elementor-icon-list-item elementor-inline-item\">\n\t\t\t\t\t\t\t\t\t\t\t<span class=\"elementor-icon-list-icon\">\n\t\t\t\t\t\t\t<i aria-hidden=\"true\" class=\"fas fa-hotel\"><\/i>\t\t\t\t\t\t<\/span>\n\t\t\t\t\t\t\t\t\t\t<span class=\"elementor-icon-list-text\">113 suites<\/span>\n\t\t\t\t\t\t\t\t\t<\/li>\n\t\t\t\t\t\t\t\t<li class=\"elementor-icon-list-item elementor-inline-item\">\n\t\t\t\t\t\t\t\t\t\t\t<span class=\"elementor-icon-list-icon\">\n\t\t\t\t\t\t\t<i aria-hidden=\"true\" class=\"fas fa-wifi\"><\/i>\t\t\t\t\t\t<\/span>\n\t\t\t\t\t\t\t\t\t\t<span class=\"elementor-icon-list-text\">Wi-Fi<\/span>\n\t\t\t\t\t\t\t\t\t<\/li>\n\t\t\t\t\t\t\t\t<li class=\"elementor-icon-list-item elementor-inline-item\">\n\t\t\t\t\t\t\t\t\t\t\t<span class=\"elementor-icon-list-icon\">\n\t\t\t\t\t\t\t<i aria-hidden=\"true\" class=\"fas fa-parking\"><\/i>\t\t\t\t\t\t<\/span>\n\t\t\t\t\t\t\t\t\t\t<span class=\"elementor-icon-list-text\">Estacionamento<\/span>\n\t\t\t\t\t\t\t\t\t<\/li>\n\t\t\t\t\t\t<\/ul>\n\t\t\t\t\t\t<\/div>\n\t\t\t\t<\/div>\n\t\t\t\t<\/a>\n\t\t\t\t\t<\/div>\n\t\t\t\t<\/div>\n\t\t<div class=\"elementor-element elementor-element-79199a1 e-flex e-con-boxed e-con e-parent\" data-id=\"79199a1\" data-element_type=\"container\" data-e-type=\"container\">\n\t\t\t\t\t<div class=\"e-con-inner\">\n\t\t<a class=\"elementor-element elementor-element-d42e75a e-con-full e-flex e-con e-child\" data-id=\"d42e75a\" data-element_type=\"container\" data-e-type=\"container\" data-settings=\"{&quot;background_background&quot;:&quot;classic&quot;}\" href=\"https:\/\/holidaysuitesbusiness.com\/pt-pt\/alojamento-temporario-em-nieuwpoort\/\">\n\t\t\t\t<div class=\"elementor-element elementor-element-79aed83 elementor-widget elementor-widget-heading\" data-id=\"79aed83\" data-element_type=\"widget\" data-e-type=\"widget\" data-widget_type=\"heading.default\">\n\t\t\t\t<div class=\"elementor-widget-container\">\n\t\t\t\t\t<h2 class=\"elementor-heading-title elementor-size-default\">Nieuwpoort<\/h2>\t\t\t\t<\/div>\n\t\t\t\t<\/div>\n\t\t\t\t<div class=\"elementor-element elementor-element-451f2dd elementor-widget elementor-widget-text-editor\" data-id=\"451f2dd\" data-element_type=\"widget\" data-e-type=\"widget\" data-widget_type=\"text-editor.default\">\n\t\t\t\t<div class=\"elementor-widget-container\">\n\t\t\t\t\t\t\t\t\t<p>Nossa capacidade espa\u00e7osa em Nieuwpoort oferece a capacidade de acomodar pequenos e grandes n\u00fameros de vossos funcion\u00e1rios. <\/p>\n\t\t\t\t\t\t\t\t<\/div>\n\t\t\t\t<\/div>\n\t\t\t\t<div class=\"elementor-element elementor-element-fce7a98 elementor-icon-list--layout-inline elementor-list-item-link-full_width elementor-widget elementor-widget-icon-list\" data-id=\"fce7a98\" data-element_type=\"widget\" data-e-type=\"widget\" data-widget_type=\"icon-list.default\">\n\t\t\t\t<div class=\"elementor-widget-container\">\n\t\t\t\t\t\t\t<ul class=\"elementor-icon-list-items elementor-inline-items\">\n\t\t\t\t\t\t\t<li class=\"elementor-icon-list-item elementor-inline-item\">\n\t\t\t\t\t\t\t\t\t\t\t<span class=\"elementor-icon-list-icon\">\n\t\t\t\t\t\t\t<i aria-hidden=\"true\" class=\"fas fa-hotel\"><\/i>\t\t\t\t\t\t<\/span>\n\t\t\t\t\t\t\t\t\t\t<span class=\"elementor-icon-list-text\">98 suites<\/span>\n\t\t\t\t\t\t\t\t\t<\/li>\n\t\t\t\t\t\t\t\t<li class=\"elementor-icon-list-item elementor-inline-item\">\n\t\t\t\t\t\t\t\t\t\t\t<span class=\"elementor-icon-list-icon\">\n\t\t\t\t\t\t\t<i aria-hidden=\"true\" class=\"fas fa-wifi\"><\/i>\t\t\t\t\t\t<\/span>\n\t\t\t\t\t\t\t\t\t\t<span class=\"elementor-icon-list-text\">Wi-Fi<\/span>\n\t\t\t\t\t\t\t\t\t<\/li>\n\t\t\t\t\t\t\t\t<li class=\"elementor-icon-list-item elementor-inline-item\">\n\t\t\t\t\t\t\t\t\t\t\t<span class=\"elementor-icon-list-icon\">\n\t\t\t\t\t\t\t<i aria-hidden=\"true\" class=\"fas fa-parking\"><\/i>\t\t\t\t\t\t<\/span>\n\t\t\t\t\t\t\t\t\t\t<span class=\"elementor-icon-list-text\">Estacionamento<\/span>\n\t\t\t\t\t\t\t\t\t<\/li>\n\t\t\t\t\t\t<\/ul>\n\t\t\t\t\t\t<\/div>\n\t\t\t\t<\/div>\n\t\t\t\t<\/a>\n\t\t<a class=\"elementor-element elementor-element-eeb66e2 e-con-full e-flex e-con e-child\" data-id=\"eeb66e2\" data-element_type=\"container\" data-e-type=\"container\" data-settings=\"{&quot;background_background&quot;:&quot;classic&quot;}\" href=\"https:\/\/holidaysuitesbusiness.com\/pt-pt\/alojamento-temporario-em-de-haan\/\">\n\t\t\t\t<div class=\"elementor-element elementor-element-1c1b639 elementor-widget elementor-widget-heading\" data-id=\"1c1b639\" data-element_type=\"widget\" data-e-type=\"widget\" data-widget_type=\"heading.default\">\n\t\t\t\t<div class=\"elementor-widget-container\">\n\t\t\t\t\t<h2 class=\"elementor-heading-title elementor-size-default\">De Haan<\/h2>\t\t\t\t<\/div>\n\t\t\t\t<\/div>\n\t\t\t\t<div class=\"elementor-element elementor-element-f45f320 elementor-widget elementor-widget-text-editor\" data-id=\"f45f320\" data-element_type=\"widget\" data-e-type=\"widget\" data-widget_type=\"text-editor.default\">\n\t\t\t\t<div class=\"elementor-widget-container\">\n\t\t\t\t\t\t\t\t\t<p>Os nossos est\u00fadios em De Haan s\u00e3o perfeitos para uma pessoa. De De Haan, estar\u00e1s em Oostende ou na regi\u00e3o de Bruges em pouco tempo. Ao mesmo tempo, est\u00e1 numa cidade tranquila e encantadora, onde pode relaxar fora do hor\u00e1rio de trabalho.<\/p>\n\t\t\t\t\t\t\t\t<\/div>\n\t\t\t\t<\/div>\n\t\t\t\t<div class=\"elementor-element elementor-element-ffa7d42 elementor-icon-list--layout-inline elementor-list-item-link-full_width elementor-widget elementor-widget-icon-list\" data-id=\"ffa7d42\" data-element_type=\"widget\" data-e-type=\"widget\" data-widget_type=\"icon-list.default\">\n\t\t\t\t<div class=\"elementor-widget-container\">\n\t\t\t\t\t\t\t<ul class=\"elementor-icon-list-items elementor-inline-items\">\n\t\t\t\t\t\t\t<li class=\"elementor-icon-list-item elementor-inline-item\">\n\t\t\t\t\t\t\t\t\t\t\t<span class=\"elementor-icon-list-icon\">\n\t\t\t\t\t\t\t<i aria-hidden=\"true\" class=\"fas fa-hotel\"><\/i>\t\t\t\t\t\t<\/span>\n\t\t\t\t\t\t\t\t\t\t<span class=\"elementor-icon-list-text\">11 suites<\/span>\n\t\t\t\t\t\t\t\t\t<\/li>\n\t\t\t\t\t\t\t\t<li class=\"elementor-icon-list-item elementor-inline-item\">\n\t\t\t\t\t\t\t\t\t\t\t<span class=\"elementor-icon-list-icon\">\n\t\t\t\t\t\t\t<i aria-hidden=\"true\" class=\"fas fa-wifi\"><\/i>\t\t\t\t\t\t<\/span>\n\t\t\t\t\t\t\t\t\t\t<span class=\"elementor-icon-list-text\">Wi-Fi<\/span>\n\t\t\t\t\t\t\t\t\t<\/li>\n\t\t\t\t\t\t<\/ul>\n\t\t\t\t\t\t<\/div>\n\t\t\t\t<\/div>\n\t\t\t\t<\/a>\n\t\t<a class=\"elementor-element elementor-element-4b9b30c e-con-full e-flex e-con e-child\" data-id=\"4b9b30c\" data-element_type=\"container\" data-e-type=\"container\" data-settings=\"{&quot;background_background&quot;:&quot;classic&quot;}\" href=\"https:\/\/holidaysuitesbusiness.com\/pt-pt\/alojamento-temporario-em-blankenberge\/\">\n\t\t\t\t<div class=\"elementor-element elementor-element-859cea5 elementor-widget elementor-widget-heading\" data-id=\"859cea5\" data-element_type=\"widget\" data-e-type=\"widget\" data-widget_type=\"heading.default\">\n\t\t\t\t<div class=\"elementor-widget-container\">\n\t\t\t\t\t<h2 class=\"elementor-heading-title elementor-size-default\">Blankenberge<\/h2>\t\t\t\t<\/div>\n\t\t\t\t<\/div>\n\t\t\t\t<div class=\"elementor-element elementor-element-4cd0a10 elementor-widget elementor-widget-text-editor\" data-id=\"4cd0a10\" data-element_type=\"widget\" data-e-type=\"widget\" data-widget_type=\"text-editor.default\">\n\t\t\t\t<div class=\"elementor-widget-container\">\n\t\t\t\t\t\t\t\t\t<p>\u00c0 beira-mar de Blankenberge, encontrar\u00e1 as nossas confort\u00e1veis su\u00edtes, mesmo no meio da movimentada cidade. Ideal para relaxar \u00e0 noite e no fim de semana ap\u00f3s uma semana de trabalho atarefada.<\/p>\n\t\t\t\t\t\t\t\t<\/div>\n\t\t\t\t<\/div>\n\t\t\t\t<div class=\"elementor-element elementor-element-51843f3 elementor-icon-list--layout-inline elementor-list-item-link-full_width elementor-widget elementor-widget-icon-list\" data-id=\"51843f3\" data-element_type=\"widget\" data-e-type=\"widget\" data-widget_type=\"icon-list.default\">\n\t\t\t\t<div class=\"elementor-widget-container\">\n\t\t\t\t\t\t\t<ul class=\"elementor-icon-list-items elementor-inline-items\">\n\t\t\t\t\t\t\t<li class=\"elementor-icon-list-item elementor-inline-item\">\n\t\t\t\t\t\t\t\t\t\t\t<span class=\"elementor-icon-list-icon\">\n\t\t\t\t\t\t\t<i aria-hidden=\"true\" class=\"fas fa-hotel\"><\/i>\t\t\t\t\t\t<\/span>\n\t\t\t\t\t\t\t\t\t\t<span class=\"elementor-icon-list-text\">71 suites<\/span>\n\t\t\t\t\t\t\t\t\t<\/li>\n\t\t\t\t\t\t\t\t<li class=\"elementor-icon-list-item elementor-inline-item\">\n\t\t\t\t\t\t\t\t\t\t\t<span class=\"elementor-icon-list-icon\">\n\t\t\t\t\t\t\t<i aria-hidden=\"true\" class=\"fas fa-wifi\"><\/i>\t\t\t\t\t\t<\/span>\n\t\t\t\t\t\t\t\t\t\t<span class=\"elementor-icon-list-text\">Wi-Fi<\/span>\n\t\t\t\t\t\t\t\t\t<\/li>\n\t\t\t\t\t\t<\/ul>\n\t\t\t\t\t\t<\/div>\n\t\t\t\t<\/div>\n\t\t\t\t<\/a>\n\t\t\t\t\t<\/div>\n\t\t\t\t<\/div>\n\t\t\t\t<\/div>\n\t\t","protected":false},"excerpt":{"rendered":"<p>6 locais em Flandres Cada uma das nossas localiza\u00e7\u00f5es oferece in\u00fameras vantagens em termos de acessibilidade, tranquilidade e conforto. Zeebruges Situadas no meio da \u00e1rea portu\u00e1ria de Zeebruges, estas su\u00edtes est\u00e3o numa localiza\u00e7\u00e3o extremamente conveniente. A f\u00e1cil liga\u00e7\u00e3o a outras grandes cidades e \u00e1reas industriais atrav\u00e9s da autoestrada A11 poupa-lhe tempo nas desloca\u00e7\u00f5es. 110 suites [&hellip;]<\/p>\n","protected":false},"author":2,"featured_media":5460,"parent":0,"menu_order":0,"comment_status":"closed","ping_status":"closed","template":"","meta":{"content-type":"","inline_featured_image":false,"footnotes":""},"class_list":["post-5459","page","type-page","status-publish","has-post-thumbnail","hentry"],"yoast_head":"<!-- This site is optimized with the Yoast SEO plugin v27.5 - https:\/\/yoast.com\/product\/yoast-seo-wordpress\/ -->\n<title>As nossas localiza\u00e7\u00f5es na costa belga e em Limburgo<\/title>\n<meta name=\"description\" content=\"As nossas localiza\u00e7\u00f5es oferecem in\u00fameras vantagens em termos de conforto e acessibilidade. Encontre o alojamento tempor\u00e1rio ideal para os vossos funcion\u00e1rios.\" \/>\n<meta name=\"robots\" content=\"index, follow, max-snippet:-1, max-image-preview:large, max-video-preview:-1\" \/>\n<link rel=\"canonical\" href=\"https:\/\/holidaysuitesbusiness.com\/fr\/localisation-des-sites\/\" \/>\n<meta property=\"og:locale\" content=\"pt_PT\" \/>\n<meta property=\"og:type\" content=\"article\" \/>\n<meta property=\"og:title\" content=\"As nossas localiza\u00e7\u00f5es na costa belga e em Limburgo\" \/>\n<meta property=\"og:description\" content=\"As nossas localiza\u00e7\u00f5es oferecem in\u00fameras vantagens em termos de conforto e acessibilidade. Encontre o alojamento tempor\u00e1rio ideal para os vossos funcion\u00e1rios.\" \/>\n<meta property=\"og:url\" content=\"https:\/\/holidaysuitesbusiness.com\/fr\/localisation-des-sites\/\" \/>\n<meta property=\"og:site_name\" content=\"Holiday Suites Business\" \/>\n<meta property=\"article:modified_time\" content=\"2024-10-01T09:41:52+00:00\" \/>\n<meta property=\"og:image\" content=\"https:\/\/holidaysuitesbusiness.com\/wp-content\/uploads\/2023\/07\/HOLIDAY-SUITES-WESTENDE-1.jpg\" \/>\n\t<meta property=\"og:image:width\" content=\"2400\" \/>\n\t<meta property=\"og:image:height\" content=\"1526\" \/>\n\t<meta property=\"og:image:type\" content=\"image\/jpeg\" \/>\n<meta name=\"twitter:card\" content=\"summary_large_image\" \/>\n<meta name=\"twitter:label1\" content=\"Est. reading time\" \/>\n\t<meta name=\"twitter:data1\" content=\"2 minutes\" \/>\n<script type=\"application\/ld+json\" class=\"yoast-schema-graph\">{\"@context\":\"https:\\\/\\\/schema.org\",\"@graph\":[{\"@type\":\"WebPage\",\"@id\":\"https:\\\/\\\/holidaysuitesbusiness.com\\\/fr\\\/localisation-des-sites\\\/\",\"url\":\"https:\\\/\\\/holidaysuitesbusiness.com\\\/fr\\\/localisation-des-sites\\\/\",\"name\":\"As nossas localiza\u00e7\u00f5es na costa belga e em Limburgo\",\"isPartOf\":{\"@id\":\"https:\\\/\\\/holidaysuitesbusiness.com\\\/de\\\/#website\"},\"primaryImageOfPage\":{\"@id\":\"https:\\\/\\\/holidaysuitesbusiness.com\\\/fr\\\/localisation-des-sites\\\/#primaryimage\"},\"image\":{\"@id\":\"https:\\\/\\\/holidaysuitesbusiness.com\\\/fr\\\/localisation-des-sites\\\/#primaryimage\"},\"thumbnailUrl\":\"https:\\\/\\\/holidaysuitesbusiness.com\\\/wp-content\\\/uploads\\\/2023\\\/07\\\/HOLIDAY-SUITES-WESTENDE-1.jpg\",\"datePublished\":\"2023-05-23T13:14:58+00:00\",\"dateModified\":\"2024-10-01T09:41:52+00:00\",\"description\":\"As nossas localiza\u00e7\u00f5es oferecem in\u00fameras vantagens em termos de conforto e acessibilidade. Encontre o alojamento tempor\u00e1rio ideal para os vossos funcion\u00e1rios.\",\"breadcrumb\":{\"@id\":\"https:\\\/\\\/holidaysuitesbusiness.com\\\/fr\\\/localisation-des-sites\\\/#breadcrumb\"},\"inLanguage\":\"pt\",\"potentialAction\":[{\"@type\":\"ReadAction\",\"target\":[\"https:\\\/\\\/holidaysuitesbusiness.com\\\/fr\\\/localisation-des-sites\\\/\"]}]},{\"@type\":\"ImageObject\",\"inLanguage\":\"pt\",\"@id\":\"https:\\\/\\\/holidaysuitesbusiness.com\\\/fr\\\/localisation-des-sites\\\/#primaryimage\",\"url\":\"https:\\\/\\\/holidaysuitesbusiness.com\\\/wp-content\\\/uploads\\\/2023\\\/07\\\/HOLIDAY-SUITES-WESTENDE-1.jpg\",\"contentUrl\":\"https:\\\/\\\/holidaysuitesbusiness.com\\\/wp-content\\\/uploads\\\/2023\\\/07\\\/HOLIDAY-SUITES-WESTENDE-1.jpg\",\"width\":2400,\"height\":1526},{\"@type\":\"BreadcrumbList\",\"@id\":\"https:\\\/\\\/holidaysuitesbusiness.com\\\/fr\\\/localisation-des-sites\\\/#breadcrumb\",\"itemListElement\":[{\"@type\":\"ListItem\",\"position\":1,\"name\":\"Home\",\"item\":\"https:\\\/\\\/holidaysuitesbusiness.com\\\/nl\\\/\"},{\"@type\":\"ListItem\",\"position\":2,\"name\":\"Localiza\u00e7\u00f5es\"}]},{\"@type\":\"WebSite\",\"@id\":\"https:\\\/\\\/holidaysuitesbusiness.com\\\/de\\\/#website\",\"url\":\"https:\\\/\\\/holidaysuitesbusiness.com\\\/de\\\/\",\"name\":\"Holiday Suites for Business\",\"description\":\"Uw partner voor overnachtingen voor uw werknemers\",\"publisher\":{\"@id\":\"https:\\\/\\\/holidaysuitesbusiness.com\\\/de\\\/#organization\"},\"potentialAction\":[{\"@type\":\"SearchAction\",\"target\":{\"@type\":\"EntryPoint\",\"urlTemplate\":\"https:\\\/\\\/holidaysuitesbusiness.com\\\/de\\\/?s={search_term_string}\"},\"query-input\":{\"@type\":\"PropertyValueSpecification\",\"valueRequired\":true,\"valueName\":\"search_term_string\"}}],\"inLanguage\":\"pt\"},{\"@type\":\"Organization\",\"@id\":\"https:\\\/\\\/holidaysuitesbusiness.com\\\/de\\\/#organization\",\"name\":\"Holiday Suites for Business\",\"url\":\"https:\\\/\\\/holidaysuitesbusiness.com\\\/de\\\/\",\"logo\":{\"@type\":\"ImageObject\",\"inLanguage\":\"pt\",\"@id\":\"https:\\\/\\\/holidaysuitesbusiness.com\\\/de\\\/#\\\/schema\\\/logo\\\/image\\\/\",\"url\":\"https:\\\/\\\/holidaysuitesbusiness.com\\\/wp-content\\\/uploads\\\/2023\\\/07\\\/hs-logomark-blue.svg\",\"contentUrl\":\"https:\\\/\\\/holidaysuitesbusiness.com\\\/wp-content\\\/uploads\\\/2023\\\/07\\\/hs-logomark-blue.svg\",\"width\":387,\"height\":377,\"caption\":\"Holiday Suites for Business\"},\"image\":{\"@id\":\"https:\\\/\\\/holidaysuitesbusiness.com\\\/de\\\/#\\\/schema\\\/logo\\\/image\\\/\"},\"sameAs\":[\"https:\\\/\\\/www.linkedin.com\\\/company\\\/holiday-suites\"]}]}<\/script>\n<!-- \/ Yoast SEO plugin. -->","yoast_head_json":{"title":"As nossas localiza\u00e7\u00f5es na costa belga e em Limburgo","description":"As nossas localiza\u00e7\u00f5es oferecem in\u00fameras vantagens em termos de conforto e acessibilidade. Encontre o alojamento tempor\u00e1rio ideal para os vossos funcion\u00e1rios.","robots":{"index":"index","follow":"follow","max-snippet":"max-snippet:-1","max-image-preview":"max-image-preview:large","max-video-preview":"max-video-preview:-1"},"canonical":"https:\/\/holidaysuitesbusiness.com\/fr\/localisation-des-sites\/","og_locale":"pt_PT","og_type":"article","og_title":"As nossas localiza\u00e7\u00f5es na costa belga e em Limburgo","og_description":"As nossas localiza\u00e7\u00f5es oferecem in\u00fameras vantagens em termos de conforto e acessibilidade. Encontre o alojamento tempor\u00e1rio ideal para os vossos funcion\u00e1rios.","og_url":"https:\/\/holidaysuitesbusiness.com\/fr\/localisation-des-sites\/","og_site_name":"Holiday Suites Business","article_modified_time":"2024-10-01T09:41:52+00:00","og_image":[{"width":2400,"height":1526,"url":"https:\/\/holidaysuitesbusiness.com\/wp-content\/uploads\/2023\/07\/HOLIDAY-SUITES-WESTENDE-1.jpg","type":"image\/jpeg"}],"twitter_card":"summary_large_image","twitter_misc":{"Est. reading time":"2 minutes"},"schema":{"@context":"https:\/\/schema.org","@graph":[{"@type":"WebPage","@id":"https:\/\/holidaysuitesbusiness.com\/fr\/localisation-des-sites\/","url":"https:\/\/holidaysuitesbusiness.com\/fr\/localisation-des-sites\/","name":"As nossas localiza\u00e7\u00f5es na costa belga e em Limburgo","isPartOf":{"@id":"https:\/\/holidaysuitesbusiness.com\/de\/#website"},"primaryImageOfPage":{"@id":"https:\/\/holidaysuitesbusiness.com\/fr\/localisation-des-sites\/#primaryimage"},"image":{"@id":"https:\/\/holidaysuitesbusiness.com\/fr\/localisation-des-sites\/#primaryimage"},"thumbnailUrl":"https:\/\/holidaysuitesbusiness.com\/wp-content\/uploads\/2023\/07\/HOLIDAY-SUITES-WESTENDE-1.jpg","datePublished":"2023-05-23T13:14:58+00:00","dateModified":"2024-10-01T09:41:52+00:00","description":"As nossas localiza\u00e7\u00f5es oferecem in\u00fameras vantagens em termos de conforto e acessibilidade. Encontre o alojamento tempor\u00e1rio ideal para os vossos funcion\u00e1rios.","breadcrumb":{"@id":"https:\/\/holidaysuitesbusiness.com\/fr\/localisation-des-sites\/#breadcrumb"},"inLanguage":"pt","potentialAction":[{"@type":"ReadAction","target":["https:\/\/holidaysuitesbusiness.com\/fr\/localisation-des-sites\/"]}]},{"@type":"ImageObject","inLanguage":"pt","@id":"https:\/\/holidaysuitesbusiness.com\/fr\/localisation-des-sites\/#primaryimage","url":"https:\/\/holidaysuitesbusiness.com\/wp-content\/uploads\/2023\/07\/HOLIDAY-SUITES-WESTENDE-1.jpg","contentUrl":"https:\/\/holidaysuitesbusiness.com\/wp-content\/uploads\/2023\/07\/HOLIDAY-SUITES-WESTENDE-1.jpg","width":2400,"height":1526},{"@type":"BreadcrumbList","@id":"https:\/\/holidaysuitesbusiness.com\/fr\/localisation-des-sites\/#breadcrumb","itemListElement":[{"@type":"ListItem","position":1,"name":"Home","item":"https:\/\/holidaysuitesbusiness.com\/nl\/"},{"@type":"ListItem","position":2,"name":"Localiza\u00e7\u00f5es"}]},{"@type":"WebSite","@id":"https:\/\/holidaysuitesbusiness.com\/de\/#website","url":"https:\/\/holidaysuitesbusiness.com\/de\/","name":"Holiday Suites for Business","description":"Uw partner voor overnachtingen voor uw werknemers","publisher":{"@id":"https:\/\/holidaysuitesbusiness.com\/de\/#organization"},"potentialAction":[{"@type":"SearchAction","target":{"@type":"EntryPoint","urlTemplate":"https:\/\/holidaysuitesbusiness.com\/de\/?s={search_term_string}"},"query-input":{"@type":"PropertyValueSpecification","valueRequired":true,"valueName":"search_term_string"}}],"inLanguage":"pt"},{"@type":"Organization","@id":"https:\/\/holidaysuitesbusiness.com\/de\/#organization","name":"Holiday Suites for Business","url":"https:\/\/holidaysuitesbusiness.com\/de\/","logo":{"@type":"ImageObject","inLanguage":"pt","@id":"https:\/\/holidaysuitesbusiness.com\/de\/#\/schema\/logo\/image\/","url":"https:\/\/holidaysuitesbusiness.com\/wp-content\/uploads\/2023\/07\/hs-logomark-blue.svg","contentUrl":"https:\/\/holidaysuitesbusiness.com\/wp-content\/uploads\/2023\/07\/hs-logomark-blue.svg","width":387,"height":377,"caption":"Holiday Suites for Business"},"image":{"@id":"https:\/\/holidaysuitesbusiness.com\/de\/#\/schema\/logo\/image\/"},"sameAs":["https:\/\/www.linkedin.com\/company\/holiday-suites"]}]}},"_links":{"self":[{"href":"https:\/\/holidaysuitesbusiness.com\/pt-pt\/wp-json\/wp\/v2\/pages\/5459","targetHints":{"allow":["GET"]}}],"collection":[{"href":"https:\/\/holidaysuitesbusiness.com\/pt-pt\/wp-json\/wp\/v2\/pages"}],"about":[{"href":"https:\/\/holidaysuitesbusiness.com\/pt-pt\/wp-json\/wp\/v2\/types\/page"}],"author":[{"embeddable":true,"href":"https:\/\/holidaysuitesbusiness.com\/pt-pt\/wp-json\/wp\/v2\/users\/2"}],"replies":[{"embeddable":true,"href":"https:\/\/holidaysuitesbusiness.com\/pt-pt\/wp-json\/wp\/v2\/comments?post=5459"}],"version-history":[{"count":3,"href":"https:\/\/holidaysuitesbusiness.com\/pt-pt\/wp-json\/wp\/v2\/pages\/5459\/revisions"}],"predecessor-version":[{"id":5775,"href":"https:\/\/holidaysuitesbusiness.com\/pt-pt\/wp-json\/wp\/v2\/pages\/5459\/revisions\/5775"}],"wp:featuredmedia":[{"embeddable":true,"href":"https:\/\/holidaysuitesbusiness.com\/pt-pt\/wp-json\/wp\/v2\/media\/5460"}],"wp:attachment":[{"href":"https:\/\/holidaysuitesbusiness.com\/pt-pt\/wp-json\/wp\/v2\/media?parent=5459"}],"curies":[{"name":"wp","href":"https:\/\/api.w.org\/{rel}","templated":true}]}}